{"id":1507,"date":"2023-12-14T12:52:28","date_gmt":"2023-12-14T12:52:28","guid":{"rendered":"https:\/\/maasrijnschool.nl\/?page_id=1507"},"modified":"2026-04-15T09:15:21","modified_gmt":"2026-04-15T09:15:21","slug":"niederlaendisch-als-zweite-sprache-nt2","status":"publish","type":"page","link":"https:\/\/maasrijnschool.nl\/de\/niederlaendisch-als-zweite-sprache-nt2\/","title":{"rendered":"Niederl\u00e4ndisch"},"content":{"rendered":"\n<div class=\"wp-block-stackable-spacer stk-block-spacer stk--no-padding stk-block stk-7ecc5c7\" data-block-id=\"7ecc5c7\"><\/div>\n\n\n\n<h6 class=\"wp-block-heading\">Anf\u00e4nger &#8211; A1 und A2<\/h6>\n\n\n\n<p>Dieser Kurs richtet sich an Personen, die \u00fcber keine Niederl\u00e4ndischkenntnisse verf\u00fcgen und in relativ kurzer Zeit in der Lage sein wollen, sich in allt\u00e4glichen Situationen in der Schule, auf einer Gesch\u00e4ftsreise, im Urlaub oder am Arbeitsplatz zurechtzufinden.<\/p>\n\n\n\n<p>Im Unterricht wird auf die kommunikativen Sprachf\u00e4higkeiten geachtet: gut sprechen ohne Angst vor dem Sprechen und auf eine verst\u00e4ndliche Aussprache achten. Au\u00dferdem wird viel Wert auf das H\u00f6r- und Leseverstehen sowie auf die wichtigsten Grammatikthemen gelegt. Bei allen Programmen ist Raum f\u00fcr Ihre eigenen Beitr\u00e4ge, damit der Unterricht optimal auf Ihre pers\u00f6nlichen Lernbed\u00fcrfnisse abgestimmt ist.<\/p>\n\n\n\n<div class=\"wp-block-stackable-spacer stk-block-spacer stk--no-padding stk-block stk-323ba0c\" data-block-id=\"323ba0c\"><\/div>\n\n\n\n<h6 class=\"wp-block-heading\">Fortgeschrittene &#8211; B1 und h\u00f6her<\/h6>\n\n\n\n<p>Sie verf\u00fcgen bereits \u00fcber gute Niederl\u00e4ndischkenntnisse, m\u00f6chten diese aber noch erweitern? Dann ist der Kurs Niederl\u00e4ndisch f\u00fcr Fortgeschrittene genau das Richtige f\u00fcr Sie.<\/p>\n\n\n\n<p>In diesem Kurs sprechen, schreiben und h\u00f6ren wir anhand von Themen, die Sie selbst vorschlagen k\u00f6nnen. Wir bauen auf den vorhandenen Sprachkenntnissen auf und sorgen daf\u00fcr, dass diese erweitert werden. Wir legen gro\u00dfen Wert auf das Verst\u00e4ndnis der niederl\u00e4ndischen Sprache und vertiefen jedes Mal die Grammatik, so dass Sie die Sprache flie\u00dfend beherrschen.<\/p>\n\n\n\n<div class=\"wp-block-stackable-spacer stk-block-spacer stk--no-padding stk-block stk-78bedfb\" data-block-id=\"78bedfb\"><\/div>\n\n\n\n<h6 class=\"wp-block-heading\">Niederl\u00e4ndisch f\u00fcr Fachkr\u00e4fte im Gesundheitswesen<\/h6>\n\n\n\n<p>Wenn Sie als Arzt, Psychiater, Krankenpfleger oder Zahnarzt aus dem Ausland in den Niederlanden arbeiten m\u00f6chten, ben\u00f6tigen Sie ausreichende Sprachkenntnisse, um eine <a href=\"https:\/\/www.bigregister.nl\/\">BIG-Registrierung<\/a> zu erhalten. Die <strong>Maas-Rhein Schule<\/strong> hat bereits viele ausl\u00e4ndische Fachkr\u00e4fte im Gesundheitswesen auf die BIG-Sprachpr\u00fcfung vorbereitet.<\/p>\n\n\n\n<div class=\"wp-block-stackable-spacer stk-block-spacer stk--no-padding stk-block stk-08484d2\" data-block-id=\"08484d2\"><style>.stk-08484d2 {height:50px !important;}<\/style><\/div>\n\n\n\n<h6 class=\"wp-block-heading\">Intensivkurs<\/h6>\n\n\n\n<p>Dieser Kurs umfasst eine Woche von f\u00fcnf Tagen mit vier bis sechs Unterrichtsstunden pro Tag, je nach deinen Bed\u00fcrfnissen, wobei so viel wie m\u00f6glich Niederl\u00e4ndisch gesprochen wird.<\/p>\n\n\n\n<div class=\"wp-block-stackable-text stk-block-text stk-block stk-ba4a2b7\" data-block-id=\"ba4a2b7\"><p class=\"stk-block-text__text\">Den Inhalt des Intensivkurses legen wir gemeinsam fest. Wir sorgen f\u00fcr ein ma\u00dfgeschneidertes Programm, das deinen Zielen und W\u00fcnschen entspricht. Dieser Kurs kann um eine oder mehrere Wochen verl\u00e4ngert werden.<\/p><\/div>\n\n\n\n<div class=\"wp-block-stackable-spacer stk-block-spacer stk--no-padding stk-block stk-77d77c8\" data-block-id=\"77d77c8\"><style>.stk-77d77c8 {height:28px !important;}<\/style><\/div>\n\n\n\n<figure class=\"wp-block-image size-full\"><img loading=\"lazy\" decoding=\"async\" width=\"800\" height=\"400\" src=\"https:\/\/maasrijnschool.nl\/wp-content\/uploads\/2026\/02\/Abdij_Rolduc_luchtfoto-q5rpb70pblh2jw1u4o6iq8spmpmjpz78wdn12r2u1s-1.jpg\" alt=\"\" class=\"wp-image-4089\" srcset=\"https:\/\/maasrijnschool.nl\/wp-content\/uploads\/2026\/02\/Abdij_Rolduc_luchtfoto-q5rpb70pblh2jw1u4o6iq8spmpmjpz78wdn12r2u1s-1.jpg 800w, https:\/\/maasrijnschool.nl\/wp-content\/uploads\/2026\/02\/Abdij_Rolduc_luchtfoto-q5rpb70pblh2jw1u4o6iq8spmpmjpz78wdn12r2u1s-1-300x150.jpg 300w, https:\/\/maasrijnschool.nl\/wp-content\/uploads\/2026\/02\/Abdij_Rolduc_luchtfoto-q5rpb70pblh2jw1u4o6iq8spmpmjpz78wdn12r2u1s-1-768x384.jpg 768w\" sizes=\"auto, (max-width: 800px) 100vw, 800px\" \/><\/figure>\n\n\n\n<div class=\"wp-block-stackable-spacer stk-block-spacer stk--no-padding stk-block stk-8592a90\" data-block-id=\"8592a90\"><style>.stk-8592a90 {height:38px !important;}<\/style><\/div>\n\n\n\n<p>Der Intensivkurs wird ausschlie\u00dflich vor Ort in S\u00fcdlimburg angeboten. Dies kann in der <a href=\"https:\/\/rolduc.com\/\">Abtei Rolduc<\/a> in Kerkrade oder am Standort C-Mill der <strong>Maas-Rhein Schule<\/strong> in Heerlen sein. Die Unterbringung kann im Abtei Hotel Rolduc oder im <a href=\"https:\/\/www.snowworld.com\/nl\/hotel\/kamers\">Alpine Hotel Snowworld<\/a> erfolgen.<\/p>\n\n\n\n<div class=\"wp-block-stackable-text stk-block-text stk-block stk-4dd75a1\" data-block-id=\"4dd75a1\"><p class=\"stk-block-text__text\"><\/p><\/div>\n","protected":false},"excerpt":{"rendered":"<p>Anf\u00e4nger &#8211; A1 und A2 Dieser Kurs richtet sich an Personen, die \u00fcber keine Niederl\u00e4ndischkenntnisse verf\u00fcgen und in relativ kurzer Zeit in der Lage sein<a class=\"moretag\" href=\"https:\/\/maasrijnschool.nl\/de\/niederlaendisch-als-zweite-sprache-nt2\/\"> &#8230;Lees meer >> <\/a><\/p>\n","protected":false},"author":4,"featured_media":0,"parent":0,"menu_order":0,"comment_status":"closed","ping_status":"closed","template":"","meta":{"footnotes":""},"categories":[],"tags":[],"class_list":["post-1507","page","type-page","status-publish","hentry"],"featured_image_urls_v2":{"full":"","thumbnail":"","medium":"","medium_large":"","large":"","1536x1536":"","2048x2048":""},"post_excerpt_stackable_v2":"<p>Anf\u00e4nger &#8211; A1 und A2 Dieser Kurs richtet sich an Personen, die \u00fcber keine Niederl\u00e4ndischkenntnisse verf\u00fcgen und in relativ kurzer Zeit in der Lage sein wollen, sich in allt\u00e4glichen Situationen in der Schule, auf einer Gesch\u00e4ftsreise, im Urlaub oder am Arbeitsplatz zurechtzufinden. Im Unterricht wird auf die kommunikativen Sprachf\u00e4higkeiten geachtet: gut sprechen ohne Angst vor dem Sprechen und auf eine verst\u00e4ndliche Aussprache achten. Au\u00dferdem wird viel Wert auf das H\u00f6r- und Leseverstehen sowie auf die wichtigsten Grammatikthemen gelegt. Bei allen Programmen ist Raum f\u00fcr Ihre eigenen Beitr\u00e4ge, damit der Unterricht optimal auf Ihre pers\u00f6nlichen Lernbed\u00fcrfnisse abgestimmt ist. Fortgeschrittene &#8211; B1&hellip;<\/p>\n","category_list_v2":"Allgemein","author_info_v2":{"name":"Jenny Kranendonk","url":"https:\/\/maasrijnschool.nl\/de\/author\/jenny\/"},"comments_num_v2":"0 comments","yoast_head":"<!-- This site is optimized with the Yoast SEO plugin v27.3 - https:\/\/yoast.com\/product\/yoast-seo-wordpress\/ -->\n<title>Niederl\u00e4ndisch - Maas-Rijn School voor taal<\/title>\n<meta name=\"robots\" content=\"index, follow, max-snippet:-1, max-image-preview:large, max-video-preview:-1\" \/>\n<link rel=\"canonical\" href=\"https:\/\/maasrijnschool.nl\/de\/niederlaendisch-als-zweite-sprache-nt2\/\" \/>\n<meta property=\"og:locale\" content=\"de_DE\" \/>\n<meta property=\"og:type\" content=\"article\" \/>\n<meta property=\"og:title\" content=\"Niederl\u00e4ndisch - Maas-Rijn School voor taal\" \/>\n<meta property=\"og:description\" content=\"Anf\u00e4nger &#8211; A1 und A2 Dieser Kurs richtet sich an Personen, die \u00fcber keine Niederl\u00e4ndischkenntnisse verf\u00fcgen und in relativ kurzer Zeit in der Lage sein ...Lees meer &gt;&gt;\" \/>\n<meta property=\"og:url\" content=\"https:\/\/maasrijnschool.nl\/de\/niederlaendisch-als-zweite-sprache-nt2\/\" \/>\n<meta property=\"og:site_name\" content=\"Maas-Rijn School voor taal\" \/>\n<meta property=\"article:modified_time\" content=\"2026-04-15T09:15:21+00:00\" \/>\n<meta property=\"og:image\" content=\"https:\/\/maasrijnschool.nl\/wp-content\/uploads\/2026\/02\/Abdij_Rolduc_luchtfoto-q5rpb70pblh2jw1u4o6iq8spmpmjpz78wdn12r2u1s-1.jpg\" \/>\n\t<meta property=\"og:image:width\" content=\"800\" \/>\n\t<meta property=\"og:image:height\" content=\"400\" \/>\n\t<meta property=\"og:image:type\" content=\"image\/jpeg\" \/>\n<meta name=\"twitter:card\" content=\"summary_large_image\" \/>\n<meta name=\"twitter:label1\" content=\"Gesch\u00e4tzte Lesezeit\" \/>\n\t<meta name=\"twitter:data1\" content=\"2\u00a0Minuten\" \/>\n<script type=\"application\/ld+json\" class=\"yoast-schema-graph\">{\"@context\":\"https:\\\/\\\/schema.org\",\"@graph\":[{\"@type\":\"WebPage\",\"@id\":\"https:\\\/\\\/maasrijnschool.nl\\\/de\\\/niederlaendisch-als-zweite-sprache-nt2\\\/\",\"url\":\"https:\\\/\\\/maasrijnschool.nl\\\/de\\\/niederlaendisch-als-zweite-sprache-nt2\\\/\",\"name\":\"Niederl\u00e4ndisch - Maas-Rijn School voor taal\",\"isPartOf\":{\"@id\":\"https:\\\/\\\/maasrijnschool.nl\\\/de\\\/#website\"},\"primaryImageOfPage\":{\"@id\":\"https:\\\/\\\/maasrijnschool.nl\\\/de\\\/niederlaendisch-als-zweite-sprache-nt2\\\/#primaryimage\"},\"image\":{\"@id\":\"https:\\\/\\\/maasrijnschool.nl\\\/de\\\/niederlaendisch-als-zweite-sprache-nt2\\\/#primaryimage\"},\"thumbnailUrl\":\"https:\\\/\\\/maasrijnschool.nl\\\/wp-content\\\/uploads\\\/2026\\\/02\\\/Abdij_Rolduc_luchtfoto-q5rpb70pblh2jw1u4o6iq8spmpmjpz78wdn12r2u1s-1.jpg\",\"datePublished\":\"2023-12-14T12:52:28+00:00\",\"dateModified\":\"2026-04-15T09:15:21+00:00\",\"breadcrumb\":{\"@id\":\"https:\\\/\\\/maasrijnschool.nl\\\/de\\\/niederlaendisch-als-zweite-sprache-nt2\\\/#breadcrumb\"},\"inLanguage\":\"de\",\"potentialAction\":[{\"@type\":\"ReadAction\",\"target\":[\"https:\\\/\\\/maasrijnschool.nl\\\/de\\\/niederlaendisch-als-zweite-sprache-nt2\\\/\"]}]},{\"@type\":\"ImageObject\",\"inLanguage\":\"de\",\"@id\":\"https:\\\/\\\/maasrijnschool.nl\\\/de\\\/niederlaendisch-als-zweite-sprache-nt2\\\/#primaryimage\",\"url\":\"https:\\\/\\\/maasrijnschool.nl\\\/wp-content\\\/uploads\\\/2026\\\/02\\\/Abdij_Rolduc_luchtfoto-q5rpb70pblh2jw1u4o6iq8spmpmjpz78wdn12r2u1s-1.jpg\",\"contentUrl\":\"https:\\\/\\\/maasrijnschool.nl\\\/wp-content\\\/uploads\\\/2026\\\/02\\\/Abdij_Rolduc_luchtfoto-q5rpb70pblh2jw1u4o6iq8spmpmjpz78wdn12r2u1s-1.jpg\"},{\"@type\":\"BreadcrumbList\",\"@id\":\"https:\\\/\\\/maasrijnschool.nl\\\/de\\\/niederlaendisch-als-zweite-sprache-nt2\\\/#breadcrumb\",\"itemListElement\":[{\"@type\":\"ListItem\",\"position\":1,\"name\":\"Home\",\"item\":\"https:\\\/\\\/maasrijnschool.nl\\\/de\\\/\"},{\"@type\":\"ListItem\",\"position\":2,\"name\":\"Niederl\u00e4ndisch\"}]},{\"@type\":\"WebSite\",\"@id\":\"https:\\\/\\\/maasrijnschool.nl\\\/de\\\/#website\",\"url\":\"https:\\\/\\\/maasrijnschool.nl\\\/de\\\/\",\"name\":\"Maas-Rijn School voor taal\",\"description\":\"\",\"publisher\":{\"@id\":\"https:\\\/\\\/maasrijnschool.nl\\\/de\\\/#organization\"},\"potentialAction\":[{\"@type\":\"SearchAction\",\"target\":{\"@type\":\"EntryPoint\",\"urlTemplate\":\"https:\\\/\\\/maasrijnschool.nl\\\/de\\\/?s={search_term_string}\"},\"query-input\":{\"@type\":\"PropertyValueSpecification\",\"valueRequired\":true,\"valueName\":\"search_term_string\"}}],\"inLanguage\":\"de\"},{\"@type\":\"Organization\",\"@id\":\"https:\\\/\\\/maasrijnschool.nl\\\/de\\\/#organization\",\"name\":\"Maas-Rijn School voor taal\",\"url\":\"https:\\\/\\\/maasrijnschool.nl\\\/de\\\/\",\"logo\":{\"@type\":\"ImageObject\",\"inLanguage\":\"de\",\"@id\":\"https:\\\/\\\/maasrijnschool.nl\\\/de\\\/#\\\/schema\\\/logo\\\/image\\\/\",\"url\":\"https:\\\/\\\/maasrijnschool.nl\\\/wp-content\\\/uploads\\\/2026\\\/03\\\/mrs-logo.png\",\"contentUrl\":\"https:\\\/\\\/maasrijnschool.nl\\\/wp-content\\\/uploads\\\/2026\\\/03\\\/mrs-logo.png\",\"width\":350,\"height\":174,\"caption\":\"Maas-Rijn School voor taal\"},\"image\":{\"@id\":\"https:\\\/\\\/maasrijnschool.nl\\\/de\\\/#\\\/schema\\\/logo\\\/image\\\/\"}}]}<\/script>\n<!-- \/ Yoast SEO plugin. -->","yoast_head_json":{"title":"Niederl\u00e4ndisch - Maas-Rijn School voor taal","robots":{"index":"index","follow":"follow","max-snippet":"max-snippet:-1","max-image-preview":"max-image-preview:large","max-video-preview":"max-video-preview:-1"},"canonical":"https:\/\/maasrijnschool.nl\/de\/niederlaendisch-als-zweite-sprache-nt2\/","og_locale":"de_DE","og_type":"article","og_title":"Niederl\u00e4ndisch - Maas-Rijn School voor taal","og_description":"Anf\u00e4nger &#8211; A1 und A2 Dieser Kurs richtet sich an Personen, die \u00fcber keine Niederl\u00e4ndischkenntnisse verf\u00fcgen und in relativ kurzer Zeit in der Lage sein ...Lees meer >>","og_url":"https:\/\/maasrijnschool.nl\/de\/niederlaendisch-als-zweite-sprache-nt2\/","og_site_name":"Maas-Rijn School voor taal","article_modified_time":"2026-04-15T09:15:21+00:00","og_image":[{"width":800,"height":400,"url":"https:\/\/maasrijnschool.nl\/wp-content\/uploads\/2026\/02\/Abdij_Rolduc_luchtfoto-q5rpb70pblh2jw1u4o6iq8spmpmjpz78wdn12r2u1s-1.jpg","type":"image\/jpeg"}],"twitter_card":"summary_large_image","twitter_misc":{"Gesch\u00e4tzte Lesezeit":"2\u00a0Minuten"},"schema":{"@context":"https:\/\/schema.org","@graph":[{"@type":"WebPage","@id":"https:\/\/maasrijnschool.nl\/de\/niederlaendisch-als-zweite-sprache-nt2\/","url":"https:\/\/maasrijnschool.nl\/de\/niederlaendisch-als-zweite-sprache-nt2\/","name":"Niederl\u00e4ndisch - Maas-Rijn School voor taal","isPartOf":{"@id":"https:\/\/maasrijnschool.nl\/de\/#website"},"primaryImageOfPage":{"@id":"https:\/\/maasrijnschool.nl\/de\/niederlaendisch-als-zweite-sprache-nt2\/#primaryimage"},"image":{"@id":"https:\/\/maasrijnschool.nl\/de\/niederlaendisch-als-zweite-sprache-nt2\/#primaryimage"},"thumbnailUrl":"https:\/\/maasrijnschool.nl\/wp-content\/uploads\/2026\/02\/Abdij_Rolduc_luchtfoto-q5rpb70pblh2jw1u4o6iq8spmpmjpz78wdn12r2u1s-1.jpg","datePublished":"2023-12-14T12:52:28+00:00","dateModified":"2026-04-15T09:15:21+00:00","breadcrumb":{"@id":"https:\/\/maasrijnschool.nl\/de\/niederlaendisch-als-zweite-sprache-nt2\/#breadcrumb"},"inLanguage":"de","potentialAction":[{"@type":"ReadAction","target":["https:\/\/maasrijnschool.nl\/de\/niederlaendisch-als-zweite-sprache-nt2\/"]}]},{"@type":"ImageObject","inLanguage":"de","@id":"https:\/\/maasrijnschool.nl\/de\/niederlaendisch-als-zweite-sprache-nt2\/#primaryimage","url":"https:\/\/maasrijnschool.nl\/wp-content\/uploads\/2026\/02\/Abdij_Rolduc_luchtfoto-q5rpb70pblh2jw1u4o6iq8spmpmjpz78wdn12r2u1s-1.jpg","contentUrl":"https:\/\/maasrijnschool.nl\/wp-content\/uploads\/2026\/02\/Abdij_Rolduc_luchtfoto-q5rpb70pblh2jw1u4o6iq8spmpmjpz78wdn12r2u1s-1.jpg"},{"@type":"BreadcrumbList","@id":"https:\/\/maasrijnschool.nl\/de\/niederlaendisch-als-zweite-sprache-nt2\/#breadcrumb","itemListElement":[{"@type":"ListItem","position":1,"name":"Home","item":"https:\/\/maasrijnschool.nl\/de\/"},{"@type":"ListItem","position":2,"name":"Niederl\u00e4ndisch"}]},{"@type":"WebSite","@id":"https:\/\/maasrijnschool.nl\/de\/#website","url":"https:\/\/maasrijnschool.nl\/de\/","name":"Maas-Rijn School voor taal","description":"","publisher":{"@id":"https:\/\/maasrijnschool.nl\/de\/#organization"},"potentialAction":[{"@type":"SearchAction","target":{"@type":"EntryPoint","urlTemplate":"https:\/\/maasrijnschool.nl\/de\/?s={search_term_string}"},"query-input":{"@type":"PropertyValueSpecification","valueRequired":true,"valueName":"search_term_string"}}],"inLanguage":"de"},{"@type":"Organization","@id":"https:\/\/maasrijnschool.nl\/de\/#organization","name":"Maas-Rijn School voor taal","url":"https:\/\/maasrijnschool.nl\/de\/","logo":{"@type":"ImageObject","inLanguage":"de","@id":"https:\/\/maasrijnschool.nl\/de\/#\/schema\/logo\/image\/","url":"https:\/\/maasrijnschool.nl\/wp-content\/uploads\/2026\/03\/mrs-logo.png","contentUrl":"https:\/\/maasrijnschool.nl\/wp-content\/uploads\/2026\/03\/mrs-logo.png","width":350,"height":174,"caption":"Maas-Rijn School voor taal"},"image":{"@id":"https:\/\/maasrijnschool.nl\/de\/#\/schema\/logo\/image\/"}}]}},"_links":{"self":[{"href":"https:\/\/maasrijnschool.nl\/de\/wp-json\/wp\/v2\/pages\/1507","targetHints":{"allow":["GET"]}}],"collection":[{"href":"https:\/\/maasrijnschool.nl\/de\/wp-json\/wp\/v2\/pages"}],"about":[{"href":"https:\/\/maasrijnschool.nl\/de\/wp-json\/wp\/v2\/types\/page"}],"author":[{"embeddable":true,"href":"https:\/\/maasrijnschool.nl\/de\/wp-json\/wp\/v2\/users\/4"}],"replies":[{"embeddable":true,"href":"https:\/\/maasrijnschool.nl\/de\/wp-json\/wp\/v2\/comments?post=1507"}],"version-history":[{"count":3,"href":"https:\/\/maasrijnschool.nl\/de\/wp-json\/wp\/v2\/pages\/1507\/revisions"}],"predecessor-version":[{"id":4707,"href":"https:\/\/maasrijnschool.nl\/de\/wp-json\/wp\/v2\/pages\/1507\/revisions\/4707"}],"wp:attachment":[{"href":"https:\/\/maasrijnschool.nl\/de\/wp-json\/wp\/v2\/media?parent=1507"}],"wp:term":[{"taxonomy":"category","embeddable":true,"href":"https:\/\/maasrijnschool.nl\/de\/wp-json\/wp\/v2\/categories?post=1507"},{"taxonomy":"post_tag","embeddable":true,"href":"https:\/\/maasrijnschool.nl\/de\/wp-json\/wp\/v2\/tags?post=1507"}],"curies":[{"name":"wp","href":"https:\/\/api.w.org\/{rel}","templated":true}]}}